{"id":7723,"date":"2021-06-28T17:11:08","date_gmt":"2021-06-28T17:11:08","guid":{"rendered":"http:\/\/www.elpetitlumen.es\/?page_id=7723"},"modified":"2021-06-28T17:11:09","modified_gmt":"2021-06-28T17:11:09","slug":"actividades","status":"publish","type":"page","link":"https:\/\/www.elpetitlumen.es\/es\/actividades\/","title":{"rendered":"Actividades"},"content":{"rendered":"\t\t<div data-elementor-type=\"wp-page\" data-elementor-id=\"7723\" class=\"elementor elementor-7723 elementor-1058\" data-elementor-post-type=\"page\">\n\t\t\t\t\t\t<section class=\"elementor-section elementor-top-section elementor-element elementor-element-5b16ab9e elementor-section-height-min-height elementor-section-boxed elementor-section-height-default elementor-section-items-middle\" data-id=\"5b16ab9e\" data-element_type=\"section\" data-settings=\"{&quot;background_background&quot;:&quot;classic&quot;,&quot;shape_divider_bottom&quot;:&quot;vamtam-waves&quot;}\">\n\t\t\t\t\t\t\t<div class=\"elementor-background-overlay\"><\/div>\n\t\t\t\t\t\t\t<div class=\"elementor-container elementor-column-gap-default\">\n\t\t\t\t\t<div class=\"elementor-column elementor-col-100 elementor-top-column elementor-element elementor-element-5a6b8c9d\" data-id=\"5a6b8c9d\" data-element_type=\"column\">\n\t\t\t<div class=\"elementor-widget-wrap elementor-element-populated\">\n\t\t\t\t\t\t<div class=\"elementor-element elementor-element-548efd63 animated-fast elementor-invisible elementor-widget elementor-widget-text-editor\" data-id=\"548efd63\" data-element_type=\"widget\" data-settings=\"{&quot;_animation&quot;:&quot;fadeIn&quot;,&quot;_animation_delay&quot;:200}\" data-widget_type=\"text-editor.default\">\n\t\t\t\t<div class=\"elementor-widget-container\">\n\t\t\t\t\t\t\t\t\t<p>A l\u2019Escola Bressol El Petit Lumen, perqu\u00e8 siguin m\u00e9s atractives, les nostres activitats estan sempre envoltades de joc.<\/p>\t\t\t\t\t\t\t\t<\/div>\n\t\t\t\t<\/div>\n\t\t\t\t\t<\/div>\n\t\t<\/div>\n\t\t\t\t\t<\/div>\n\t\t<\/section>\n\t\t\t\t<section class=\"elementor-section elementor-top-section elementor-element elementor-element-1d6af282 elementor-reverse-mobile elementor-section-boxed elementor-section-height-default elementor-section-height-default\" data-id=\"1d6af282\" data-element_type=\"section\" data-settings=\"{&quot;background_background&quot;:&quot;classic&quot;,&quot;background_motion_fx_motion_fx_scrolling&quot;:&quot;yes&quot;,&quot;background_motion_fx_scale_effect&quot;:&quot;yes&quot;,&quot;background_motion_fx_scale_direction&quot;:&quot;in-out&quot;,&quot;background_motion_fx_scale_range&quot;:{&quot;unit&quot;:&quot;%&quot;,&quot;size&quot;:&quot;&quot;,&quot;sizes&quot;:{&quot;start&quot;:0,&quot;end&quot;:40}},&quot;background_motion_fx_scale_speed&quot;:{&quot;unit&quot;:&quot;px&quot;,&quot;size&quot;:4,&quot;sizes&quot;:[]},&quot;background_motion_fx_devices&quot;:[&quot;desktop&quot;,&quot;tablet&quot;,&quot;mobile&quot;]}\">\n\t\t\t\t\t\t<div class=\"elementor-container elementor-column-gap-default\">\n\t\t\t\t\t<div class=\"elementor-column elementor-col-50 elementor-top-column elementor-element elementor-element-6e4cdb40\" data-id=\"6e4cdb40\" data-element_type=\"column\" data-settings=\"{&quot;background_background&quot;:&quot;classic&quot;}\">\n\t\t\t<div class=\"elementor-widget-wrap elementor-element-populated\">\n\t\t\t\t\t\t<div class=\"elementor-element elementor-element-104a51b6 elementor-invisible elementor-widget elementor-widget-heading\" data-id=\"104a51b6\" data-element_type=\"widget\" data-settings=\"{&quot;_animation&quot;:&quot;fadeIn&quot;,&quot;_animation_delay&quot;:200}\" data-widget_type=\"heading.default\">\n\t\t\t\t<div class=\"elementor-widget-container\">\n\t\t\t\t\t<h2 class=\"elementor-heading-title elementor-size-default\">Amb la familia<\/h2>\t\t\t\t<\/div>\n\t\t\t\t<\/div>\n\t\t\t\t<div class=\"elementor-element elementor-element-7972c055 elementor-widget elementor-widget-text-editor\" data-id=\"7972c055\" data-element_type=\"widget\" data-widget_type=\"text-editor.default\">\n\t\t\t\t<div class=\"elementor-widget-container\">\n\t\t\t\t\t\t\t\t\t<p>L\u2019escola Bressol El Petit Lumen, t\u00e9 com a principi d\u2019actuaci\u00f3 el treball conjunt entre escola i fam\u00edlia per a una \u00f2ptima tasca educativa.<\/p><p>Aix\u00ed, realitzem una s\u00e8rie d\u2019activitats amb les fam\u00edlies:<\/p>\t\t\t\t\t\t\t\t<\/div>\n\t\t\t\t<\/div>\n\t\t\t\t<div class=\"elementor-element elementor-element-2e2f7220 elementor-align-left elementor-icon-list--layout-traditional elementor-list-item-link-full_width elementor-widget elementor-widget-icon-list\" data-id=\"2e2f7220\" data-element_type=\"widget\" data-widget_type=\"icon-list.default\">\n\t\t\t\t<div class=\"elementor-widget-container\">\n\t\t\t\t\t\t\t<ul class=\"elementor-icon-list-items\">\n\t\t\t\t\t\t\t<li class=\"elementor-icon-list-item\">\n\t\t\t\t\t\t\t\t\t\t\t<span class=\"elementor-icon-list-icon\">\n\t\t\t\t\t\t\t<i aria-hidden=\"true\" class=\"fas fa-dot-circle\"><\/i>\t\t\t\t\t\t<\/span>\n\t\t\t\t\t\t\t\t\t\t<span class=\"elementor-icon-list-text\">Tallers i xerrades \u2013 al llarg de l\u2019any organitzem diferents trobades per tractar temes d\u2019inter\u00e8s relacionats amb l\u2019educaci\u00f3 dels nens de l\u2019escola (per exemple, com treballem la psicomotricitat, l\u2019aprenentatge del llenguatge, de l\u2019angl\u00e8s,\u2026) per tal de poder caminar en una mateixa l\u00ednia.<\/span>\n\t\t\t\t\t\t\t\t\t<\/li>\n\t\t\t\t\t\t\t\t<li class=\"elementor-icon-list-item\">\n\t\t\t\t\t\t\t\t\t\t\t<span class=\"elementor-icon-list-icon\">\n\t\t\t\t\t\t\t<i aria-hidden=\"true\" class=\"fas fa-dot-circle\"><\/i>\t\t\t\t\t\t<\/span>\n\t\t\t\t\t\t\t\t\t\t<span class=\"elementor-icon-list-text\">Festes \u2013 al Nadal i final de curs l\u2019escola fa una festa especial adre\u00e7ada a tota la fam\u00edlia per tal de gaudir un temps de relaci\u00f3 a m\u00e9s de veure els aven\u00e7os i aprenentatges adquirits pels infants.<\/span>\n\t\t\t\t\t\t\t\t\t<\/li>\n\t\t\t\t\t\t\t\t<li class=\"elementor-icon-list-item\">\n\t\t\t\t\t\t\t\t\t\t\t<span class=\"elementor-icon-list-icon\">\n\t\t\t\t\t\t\t<i aria-hidden=\"true\" class=\"fas fa-dot-circle\"><\/i>\t\t\t\t\t\t<\/span>\n\t\t\t\t\t\t\t\t\t\t<span class=\"elementor-icon-list-text\">Excursi\u00f3 en fam\u00edlia \u2013 es realitza un cop l\u2019any (primavera) per tal fomentar la relaci\u00f3 entre les fam\u00edlies i gaudir d\u2019espais naturals de l\u2019entorn.<\/span>\n\t\t\t\t\t\t\t\t\t<\/li>\n\t\t\t\t\t\t<\/ul>\n\t\t\t\t\t\t<\/div>\n\t\t\t\t<\/div>\n\t\t\t\t\t<\/div>\n\t\t<\/div>\n\t\t\t\t<div class=\"elementor-column elementor-col-50 elementor-top-column elementor-element elementor-element-49aae560\" data-id=\"49aae560\" data-element_type=\"column\" data-settings=\"{&quot;background_background&quot;:&quot;classic&quot;}\">\n\t\t\t<div class=\"elementor-widget-wrap elementor-element-populated\">\n\t\t\t\t\t\t<div class=\"elementor-element elementor-element-46af908c elementor-widget elementor-widget-image\" data-id=\"46af908c\" data-element_type=\"widget\" data-settings=\"{&quot;motion_fx_motion_fx_scrolling&quot;:&quot;yes&quot;,&quot;motion_fx_translateY_effect&quot;:&quot;yes&quot;,&quot;motion_fx_devices&quot;:[&quot;desktop&quot;],&quot;motion_fx_range&quot;:&quot;page&quot;,&quot;motion_fx_translateY_speed&quot;:{&quot;unit&quot;:&quot;px&quot;,&quot;size&quot;:4,&quot;sizes&quot;:[]},&quot;motion_fx_translateY_affectedRange&quot;:{&quot;unit&quot;:&quot;%&quot;,&quot;size&quot;:&quot;&quot;,&quot;sizes&quot;:{&quot;start&quot;:0,&quot;end&quot;:100}}}\" data-widget_type=\"image.default\">\n\t\t\t\t<div class=\"elementor-widget-container\">\n\t\t\t\t\t\t\t\t\t\t\t\t\t\t\t<img fetchpriority=\"high\" decoding=\"async\" width=\"2560\" height=\"1709\" src=\"https:\/\/www.elpetitlumen.es\/wp-content\/uploads\/2021\/05\/activitats-amb-la-familia-scaled.jpeg\" class=\"attachment-full size-full wp-image-6157\" alt=\"Activitats amb la famlia\" srcset=\"https:\/\/www.elpetitlumen.es\/wp-content\/uploads\/2021\/05\/activitats-amb-la-familia-scaled.jpeg 2560w, https:\/\/www.elpetitlumen.es\/wp-content\/uploads\/2021\/05\/activitats-amb-la-familia-300x200.jpeg 300w, https:\/\/www.elpetitlumen.es\/wp-content\/uploads\/2021\/05\/activitats-amb-la-familia-1024x683.jpeg 1024w, https:\/\/www.elpetitlumen.es\/wp-content\/uploads\/2021\/05\/activitats-amb-la-familia-768x513.jpeg 768w, https:\/\/www.elpetitlumen.es\/wp-content\/uploads\/2021\/05\/activitats-amb-la-familia-1536x1025.jpeg 1536w, https:\/\/www.elpetitlumen.es\/wp-content\/uploads\/2021\/05\/activitats-amb-la-familia-2048x1367.jpeg 2048w, https:\/\/www.elpetitlumen.es\/wp-content\/uploads\/2021\/05\/activitats-amb-la-familia-1260x841.jpeg 1260w, https:\/\/www.elpetitlumen.es\/wp-content\/uploads\/2021\/05\/activitats-amb-la-familia-630x420.jpeg 630w, https:\/\/www.elpetitlumen.es\/wp-content\/uploads\/2021\/05\/activitats-amb-la-familia-420x280.jpeg 420w, https:\/\/www.elpetitlumen.es\/wp-content\/uploads\/2021\/05\/activitats-amb-la-familia-840x561.jpeg 840w, https:\/\/www.elpetitlumen.es\/wp-content\/uploads\/2021\/05\/activitats-amb-la-familia-315x210.jpeg 315w\" sizes=\"(max-width: 2560px) 100vw, 2560px\" \/>\t\t\t\t\t\t\t\t\t\t\t\t\t\t\t<\/div>\n\t\t\t\t<\/div>\n\t\t\t\t\t<\/div>\n\t\t<\/div>\n\t\t\t\t\t<\/div>\n\t\t<\/section>\n\t\t\t\t<section class=\"elementor-section elementor-top-section elementor-element elementor-element-5913d19 elementor-section-boxed elementor-section-height-default elementor-section-height-default\" data-id=\"5913d19\" data-element_type=\"section\" data-settings=\"{&quot;background_background&quot;:&quot;classic&quot;,&quot;background_motion_fx_motion_fx_scrolling&quot;:&quot;yes&quot;,&quot;background_motion_fx_translateX_effect&quot;:&quot;yes&quot;,&quot;background_motion_fx_translateX_speed&quot;:{&quot;unit&quot;:&quot;px&quot;,&quot;size&quot;:10,&quot;sizes&quot;:[]},&quot;background_motion_fx_translateX_affectedRange&quot;:{&quot;unit&quot;:&quot;%&quot;,&quot;size&quot;:&quot;&quot;,&quot;sizes&quot;:{&quot;start&quot;:31,&quot;end&quot;:100}},&quot;background_motion_fx_devices&quot;:[&quot;desktop&quot;]}\">\n\t\t\t\t\t\t<div class=\"elementor-container elementor-column-gap-default\">\n\t\t\t\t\t<div class=\"elementor-column elementor-col-50 elementor-top-column elementor-element elementor-element-77029b2a\" data-id=\"77029b2a\" data-element_type=\"column\" data-settings=\"{&quot;background_background&quot;:&quot;classic&quot;}\">\n\t\t\t<div class=\"elementor-widget-wrap elementor-element-populated\">\n\t\t\t\t\t\t<div class=\"elementor-element elementor-element-7148dc8 elementor-widget elementor-widget-image\" data-id=\"7148dc8\" data-element_type=\"widget\" data-settings=\"{&quot;motion_fx_motion_fx_scrolling&quot;:&quot;yes&quot;,&quot;motion_fx_translateY_effect&quot;:&quot;yes&quot;,&quot;motion_fx_devices&quot;:[&quot;desktop&quot;],&quot;motion_fx_range&quot;:&quot;page&quot;,&quot;motion_fx_translateY_speed&quot;:{&quot;unit&quot;:&quot;px&quot;,&quot;size&quot;:4,&quot;sizes&quot;:[]},&quot;motion_fx_translateY_affectedRange&quot;:{&quot;unit&quot;:&quot;%&quot;,&quot;size&quot;:&quot;&quot;,&quot;sizes&quot;:{&quot;start&quot;:0,&quot;end&quot;:100}}}\" data-widget_type=\"image.default\">\n\t\t\t\t<div class=\"elementor-widget-container\">\n\t\t\t\t\t\t\t\t\t\t\t\t\t\t\t<img decoding=\"async\" width=\"270\" height=\"200\" src=\"https:\/\/www.elpetitlumen.es\/wp-content\/uploads\/2021\/05\/Aula-Motricitat1-270x200-1.png\" class=\"attachment-full size-full wp-image-6554\" alt=\"\" \/>\t\t\t\t\t\t\t\t\t\t\t\t\t\t\t<\/div>\n\t\t\t\t<\/div>\n\t\t\t\t\t<\/div>\n\t\t<\/div>\n\t\t\t\t<div class=\"elementor-column elementor-col-50 elementor-top-column elementor-element elementor-element-73ecd901\" data-id=\"73ecd901\" data-element_type=\"column\" data-settings=\"{&quot;background_background&quot;:&quot;classic&quot;}\">\n\t\t\t<div class=\"elementor-widget-wrap elementor-element-populated\">\n\t\t\t\t\t\t<div class=\"elementor-element elementor-element-56412005 elementor-invisible elementor-widget elementor-widget-heading\" data-id=\"56412005\" data-element_type=\"widget\" data-settings=\"{&quot;_animation&quot;:&quot;fadeIn&quot;,&quot;_animation_delay&quot;:200}\" data-widget_type=\"heading.default\">\n\t\t\t\t<div class=\"elementor-widget-container\">\n\t\t\t\t\t<h2 class=\"elementor-heading-title elementor-size-default\">Psicomotricitat<\/h2>\t\t\t\t<\/div>\n\t\t\t\t<\/div>\n\t\t\t\t<div class=\"elementor-element elementor-element-3e43a27e elementor-widget elementor-widget-text-editor\" data-id=\"3e43a27e\" data-element_type=\"widget\" data-widget_type=\"text-editor.default\">\n\t\t\t\t<div class=\"elementor-widget-container\">\n\t\t\t\t\t\t\t\t\t<p>Ajudem als infants a adquirir les maduracions motores, ling\u00fc\u00edstiques i espacials, oferint-los l&#8217;espai adequat i el material necessari per experimentar amb el seu cos, i amb els objectes, deixant-los c\u00f3rrer, saltar, jugar, i fent del moviment una font de plaer essencial per al seu desenvolupament global.<\/p><p>\u00a0<\/p><p>Les sessions motrius es basen en el moviment corporal a trav\u00e9s de jocs col\u00b7lectius o individuals.<\/p>\t\t\t\t\t\t\t\t<\/div>\n\t\t\t\t<\/div>\n\t\t\t\t\t<\/div>\n\t\t<\/div>\n\t\t\t\t\t<\/div>\n\t\t<\/section>\n\t\t\t\t<section class=\"elementor-section elementor-top-section elementor-element elementor-element-3448679 elementor-reverse-mobile elementor-section-boxed elementor-section-height-default elementor-section-height-default\" data-id=\"3448679\" data-element_type=\"section\" data-settings=\"{&quot;background_background&quot;:&quot;classic&quot;,&quot;background_motion_fx_motion_fx_scrolling&quot;:&quot;yes&quot;,&quot;background_motion_fx_scale_effect&quot;:&quot;yes&quot;,&quot;background_motion_fx_scale_direction&quot;:&quot;in-out&quot;,&quot;background_motion_fx_scale_range&quot;:{&quot;unit&quot;:&quot;%&quot;,&quot;size&quot;:&quot;&quot;,&quot;sizes&quot;:{&quot;start&quot;:0,&quot;end&quot;:40}},&quot;background_motion_fx_devices&quot;:[&quot;desktop&quot;],&quot;background_motion_fx_scale_speed&quot;:{&quot;unit&quot;:&quot;px&quot;,&quot;size&quot;:4,&quot;sizes&quot;:[]}}\">\n\t\t\t\t\t\t<div class=\"elementor-container elementor-column-gap-default\">\n\t\t\t\t\t<div class=\"elementor-column elementor-col-50 elementor-top-column elementor-element elementor-element-35915e4c\" data-id=\"35915e4c\" data-element_type=\"column\" data-settings=\"{&quot;background_background&quot;:&quot;classic&quot;}\">\n\t\t\t<div class=\"elementor-widget-wrap elementor-element-populated\">\n\t\t\t\t\t\t<div class=\"elementor-element elementor-element-f482be3 elementor-invisible elementor-widget elementor-widget-heading\" data-id=\"f482be3\" data-element_type=\"widget\" data-settings=\"{&quot;_animation&quot;:&quot;fadeIn&quot;,&quot;_animation_delay&quot;:200}\" data-widget_type=\"heading.default\">\n\t\t\t\t<div class=\"elementor-widget-container\">\n\t\t\t\t\t<h2 class=\"elementor-heading-title elementor-size-default\">Hort i Jard\u00ed<\/h2>\t\t\t\t<\/div>\n\t\t\t\t<\/div>\n\t\t\t\t<div class=\"elementor-element elementor-element-bde6c07 elementor-widget elementor-widget-text-editor\" data-id=\"bde6c07\" data-element_type=\"widget\" data-widget_type=\"text-editor.default\">\n\t\t\t\t<div class=\"elementor-widget-container\">\n\t\t\t\t\t\t\t\t\t<p>Disposem d&#8217;un espai exterior ampli amb suficient espai per l&#8217;hort i per al jard\u00ed. El trossos de terra que tenim s\u00f3n ideals perqu\u00e8 els nostres nens i nenes puguin descobrir i experimentar moltes coses que els aporta coneixements i respecte per la natura.\u00a0<\/p>\t\t\t\t\t\t\t\t<\/div>\n\t\t\t\t<\/div>\n\t\t\t\t\t<\/div>\n\t\t<\/div>\n\t\t\t\t<div class=\"elementor-column elementor-col-50 elementor-top-column elementor-element elementor-element-618d807b\" data-id=\"618d807b\" data-element_type=\"column\" data-settings=\"{&quot;background_background&quot;:&quot;classic&quot;}\">\n\t\t\t<div class=\"elementor-widget-wrap elementor-element-populated\">\n\t\t\t\t\t\t<div class=\"elementor-element elementor-element-3aafd53d elementor-widget elementor-widget-image\" data-id=\"3aafd53d\" data-element_type=\"widget\" data-settings=\"{&quot;motion_fx_motion_fx_scrolling&quot;:&quot;yes&quot;,&quot;motion_fx_translateY_effect&quot;:&quot;yes&quot;,&quot;motion_fx_devices&quot;:[&quot;desktop&quot;],&quot;motion_fx_range&quot;:&quot;page&quot;,&quot;motion_fx_translateY_speed&quot;:{&quot;unit&quot;:&quot;px&quot;,&quot;size&quot;:4,&quot;sizes&quot;:[]},&quot;motion_fx_translateY_affectedRange&quot;:{&quot;unit&quot;:&quot;%&quot;,&quot;size&quot;:&quot;&quot;,&quot;sizes&quot;:{&quot;start&quot;:0,&quot;end&quot;:100}}}\" data-widget_type=\"image.default\">\n\t\t\t\t<div class=\"elementor-widget-container\">\n\t\t\t\t\t\t\t\t\t\t\t\t\t\t\t<img decoding=\"async\" width=\"628\" height=\"418\" src=\"https:\/\/www.elpetitlumen.es\/wp-content\/uploads\/2021\/02\/jardi.jpeg\" class=\"attachment-full size-full wp-image-6090\" alt=\"\" srcset=\"https:\/\/www.elpetitlumen.es\/wp-content\/uploads\/2021\/02\/jardi.jpeg 628w, https:\/\/www.elpetitlumen.es\/wp-content\/uploads\/2021\/02\/jardi-300x200.jpeg 300w, https:\/\/www.elpetitlumen.es\/wp-content\/uploads\/2021\/02\/jardi-420x280.jpeg 420w, https:\/\/www.elpetitlumen.es\/wp-content\/uploads\/2021\/02\/jardi-315x210.jpeg 315w\" sizes=\"(max-width: 628px) 100vw, 628px\" \/>\t\t\t\t\t\t\t\t\t\t\t\t\t\t\t<\/div>\n\t\t\t\t<\/div>\n\t\t\t\t\t<\/div>\n\t\t<\/div>\n\t\t\t\t\t<\/div>\n\t\t<\/section>\n\t\t\t\t<section class=\"elementor-section elementor-top-section elementor-element elementor-element-2b9f78c elementor-section-boxed elementor-section-height-default elementor-section-height-default\" data-id=\"2b9f78c\" data-element_type=\"section\" data-settings=\"{&quot;background_background&quot;:&quot;classic&quot;,&quot;background_motion_fx_motion_fx_scrolling&quot;:&quot;yes&quot;,&quot;background_motion_fx_translateX_effect&quot;:&quot;yes&quot;,&quot;background_motion_fx_translateX_speed&quot;:{&quot;unit&quot;:&quot;px&quot;,&quot;size&quot;:10,&quot;sizes&quot;:[]},&quot;background_motion_fx_translateX_affectedRange&quot;:{&quot;unit&quot;:&quot;%&quot;,&quot;size&quot;:&quot;&quot;,&quot;sizes&quot;:{&quot;start&quot;:31,&quot;end&quot;:100}},&quot;background_motion_fx_devices&quot;:[&quot;desktop&quot;]}\">\n\t\t\t\t\t\t<div class=\"elementor-container elementor-column-gap-default\">\n\t\t\t\t\t<div class=\"elementor-column elementor-col-50 elementor-top-column elementor-element elementor-element-5caf09d\" data-id=\"5caf09d\" data-element_type=\"column\" data-settings=\"{&quot;background_background&quot;:&quot;classic&quot;}\">\n\t\t\t<div class=\"elementor-widget-wrap elementor-element-populated\">\n\t\t\t\t\t\t<div class=\"elementor-element elementor-element-3363791 elementor-widget elementor-widget-image\" data-id=\"3363791\" data-element_type=\"widget\" data-settings=\"{&quot;motion_fx_motion_fx_scrolling&quot;:&quot;yes&quot;,&quot;motion_fx_translateY_effect&quot;:&quot;yes&quot;,&quot;motion_fx_devices&quot;:[&quot;desktop&quot;],&quot;motion_fx_range&quot;:&quot;page&quot;,&quot;motion_fx_translateY_speed&quot;:{&quot;unit&quot;:&quot;px&quot;,&quot;size&quot;:4,&quot;sizes&quot;:[]},&quot;motion_fx_translateY_affectedRange&quot;:{&quot;unit&quot;:&quot;%&quot;,&quot;size&quot;:&quot;&quot;,&quot;sizes&quot;:{&quot;start&quot;:0,&quot;end&quot;:100}}}\" data-widget_type=\"image.default\">\n\t\t\t\t<div class=\"elementor-widget-container\">\n\t\t\t\t\t\t\t\t\t\t\t\t\t\t\t<img loading=\"lazy\" decoding=\"async\" width=\"2560\" height=\"1707\" src=\"https:\/\/www.elpetitlumen.es\/wp-content\/uploads\/2020\/04\/grup-nens-jugand-corda-scaled.jpeg\" class=\"attachment-full size-full wp-image-7617\" alt=\"\" srcset=\"https:\/\/www.elpetitlumen.es\/wp-content\/uploads\/2020\/04\/grup-nens-jugand-corda-scaled.jpeg 2560w, https:\/\/www.elpetitlumen.es\/wp-content\/uploads\/2020\/04\/grup-nens-jugand-corda-300x200.jpeg 300w, https:\/\/www.elpetitlumen.es\/wp-content\/uploads\/2020\/04\/grup-nens-jugand-corda-1024x683.jpeg 1024w, https:\/\/www.elpetitlumen.es\/wp-content\/uploads\/2020\/04\/grup-nens-jugand-corda-768x512.jpeg 768w, https:\/\/www.elpetitlumen.es\/wp-content\/uploads\/2020\/04\/grup-nens-jugand-corda-1536x1024.jpeg 1536w, https:\/\/www.elpetitlumen.es\/wp-content\/uploads\/2020\/04\/grup-nens-jugand-corda-2048x1365.jpeg 2048w, https:\/\/www.elpetitlumen.es\/wp-content\/uploads\/2020\/04\/grup-nens-jugand-corda-1260x840.jpeg 1260w, https:\/\/www.elpetitlumen.es\/wp-content\/uploads\/2020\/04\/grup-nens-jugand-corda-630x420.jpeg 630w, https:\/\/www.elpetitlumen.es\/wp-content\/uploads\/2020\/04\/grup-nens-jugand-corda-420x280.jpeg 420w, https:\/\/www.elpetitlumen.es\/wp-content\/uploads\/2020\/04\/grup-nens-jugand-corda-840x560.jpeg 840w, https:\/\/www.elpetitlumen.es\/wp-content\/uploads\/2020\/04\/grup-nens-jugand-corda-315x210.jpeg 315w\" sizes=\"(max-width: 2560px) 100vw, 2560px\" \/>\t\t\t\t\t\t\t\t\t\t\t\t\t\t\t<\/div>\n\t\t\t\t<\/div>\n\t\t\t\t\t<\/div>\n\t\t<\/div>\n\t\t\t\t<div class=\"elementor-column elementor-col-50 elementor-top-column elementor-element elementor-element-655c69f\" data-id=\"655c69f\" data-element_type=\"column\" data-settings=\"{&quot;background_background&quot;:&quot;classic&quot;}\">\n\t\t\t<div class=\"elementor-widget-wrap elementor-element-populated\">\n\t\t\t\t\t\t<div class=\"elementor-element elementor-element-4243609 elementor-invisible elementor-widget elementor-widget-heading\" data-id=\"4243609\" data-element_type=\"widget\" data-settings=\"{&quot;_animation&quot;:&quot;fadeIn&quot;,&quot;_animation_delay&quot;:200}\" data-widget_type=\"heading.default\">\n\t\t\t\t<div class=\"elementor-widget-container\">\n\t\t\t\t\t<h2 class=\"elementor-heading-title elementor-size-default\">Excursions<\/h2>\t\t\t\t<\/div>\n\t\t\t\t<\/div>\n\t\t\t\t<div class=\"elementor-element elementor-element-dfdde73 elementor-widget elementor-widget-text-editor\" data-id=\"dfdde73\" data-element_type=\"widget\" data-widget_type=\"text-editor.default\">\n\t\t\t\t<div class=\"elementor-widget-container\">\n\t\t\t\t\t\t\t\t\t<p>Amb el prop\u00f2sit de que els infants coneguin l\u2019entorn on es troben, es planifiquen sortides a l\u2019entorn de l\u2019escola,: biblioteques, mercadal, parcs, etc\u2026 amb la finalitat de que vegin de primera m\u00e0 les activitats que es desenvolupen fora del seu entorn m\u00e9s proper i que al mateix temps els poden familiaritzar amb la vida quotidiana.<\/p>\t\t\t\t\t\t\t\t<\/div>\n\t\t\t\t<\/div>\n\t\t\t\t\t<\/div>\n\t\t<\/div>\n\t\t\t\t\t<\/div>\n\t\t<\/section>\n\t\t\t\t<section class=\"elementor-section elementor-top-section elementor-element elementor-element-21a760b elementor-reverse-mobile elementor-section-boxed elementor-section-height-default elementor-section-height-default\" data-id=\"21a760b\" data-element_type=\"section\" data-settings=\"{&quot;background_background&quot;:&quot;classic&quot;,&quot;background_motion_fx_motion_fx_scrolling&quot;:&quot;yes&quot;,&quot;background_motion_fx_scale_effect&quot;:&quot;yes&quot;,&quot;background_motion_fx_scale_direction&quot;:&quot;in-out&quot;,&quot;background_motion_fx_scale_range&quot;:{&quot;unit&quot;:&quot;%&quot;,&quot;size&quot;:&quot;&quot;,&quot;sizes&quot;:{&quot;start&quot;:0,&quot;end&quot;:40}},&quot;shape_divider_bottom&quot;:&quot;vamtam-waves&quot;,&quot;background_motion_fx_devices&quot;:[&quot;desktop&quot;],&quot;background_motion_fx_scale_speed&quot;:{&quot;unit&quot;:&quot;px&quot;,&quot;size&quot;:4,&quot;sizes&quot;:[]}}\">\n\t\t\t\t\t\t<div class=\"elementor-container elementor-column-gap-default\">\n\t\t\t\t\t<div class=\"elementor-column elementor-col-50 elementor-top-column elementor-element elementor-element-e9ef3a3\" data-id=\"e9ef3a3\" data-element_type=\"column\" data-settings=\"{&quot;background_background&quot;:&quot;classic&quot;}\">\n\t\t\t<div class=\"elementor-widget-wrap elementor-element-populated\">\n\t\t\t\t\t\t<div class=\"elementor-element elementor-element-244fea2 elementor-invisible elementor-widget elementor-widget-heading\" data-id=\"244fea2\" data-element_type=\"widget\" data-settings=\"{&quot;_animation&quot;:&quot;fadeIn&quot;,&quot;_animation_delay&quot;:200}\" data-widget_type=\"heading.default\">\n\t\t\t\t<div class=\"elementor-widget-container\">\n\t\t\t\t\t<h2 class=\"elementor-heading-title elementor-size-default\">M\u00fasica<\/h2>\t\t\t\t<\/div>\n\t\t\t\t<\/div>\n\t\t\t\t<div class=\"elementor-element elementor-element-a44703c elementor-widget elementor-widget-text-editor\" data-id=\"a44703c\" data-element_type=\"widget\" data-widget_type=\"text-editor.default\">\n\t\t\t\t<div class=\"elementor-widget-container\">\n\t\t\t\t\t\t\t\t\t<p>Volem potenciar les capacitats innates dels nens i nenes, procurant que gaudeixin de la m\u00fasica. Els alumnes reben regularment classes tant visuals com pr\u00e0ctiques de diferents instruments i m\u00fasiques. La m\u00fasica no nom\u00e9s t\u00e9 una funci\u00f3 sociocultural, sin\u00f3 que ens permet educar la sensibilitat, ajudar a crear reaccions neuronals, possibilitar la investigaci\u00f3 i l\u2019expressi\u00f3, educar la veu, la imaginaci\u00f3, el ritme i l\u2019o\u00efda.<\/p>\t\t\t\t\t\t\t\t<\/div>\n\t\t\t\t<\/div>\n\t\t\t\t\t<\/div>\n\t\t<\/div>\n\t\t\t\t<div class=\"elementor-column elementor-col-50 elementor-top-column elementor-element elementor-element-eb061a9\" data-id=\"eb061a9\" data-element_type=\"column\" data-settings=\"{&quot;background_background&quot;:&quot;classic&quot;}\">\n\t\t\t<div class=\"elementor-widget-wrap elementor-element-populated\">\n\t\t\t\t\t\t<div class=\"elementor-element elementor-element-e90bcfc elementor-widget elementor-widget-image\" data-id=\"e90bcfc\" data-element_type=\"widget\" data-settings=\"{&quot;motion_fx_motion_fx_scrolling&quot;:&quot;yes&quot;,&quot;motion_fx_translateY_effect&quot;:&quot;yes&quot;,&quot;motion_fx_devices&quot;:[&quot;desktop&quot;],&quot;motion_fx_range&quot;:&quot;page&quot;,&quot;motion_fx_translateY_speed&quot;:{&quot;unit&quot;:&quot;px&quot;,&quot;size&quot;:4,&quot;sizes&quot;:[]},&quot;motion_fx_translateY_affectedRange&quot;:{&quot;unit&quot;:&quot;%&quot;,&quot;size&quot;:&quot;&quot;,&quot;sizes&quot;:{&quot;start&quot;:0,&quot;end&quot;:100}}}\" data-widget_type=\"image.default\">\n\t\t\t\t<div class=\"elementor-widget-container\">\n\t\t\t\t\t\t\t\t\t\t\t\t\t\t\t<img loading=\"lazy\" decoding=\"async\" width=\"2560\" height=\"1698\" src=\"https:\/\/www.elpetitlumen.es\/wp-content\/uploads\/2020\/04\/professor-nens-pares-musica-scaled.jpeg\" class=\"attachment-full size-full wp-image-6080\" alt=\"\" srcset=\"https:\/\/www.elpetitlumen.es\/wp-content\/uploads\/2020\/04\/professor-nens-pares-musica-scaled.jpeg 2560w, https:\/\/www.elpetitlumen.es\/wp-content\/uploads\/2020\/04\/professor-nens-pares-musica-300x199.jpeg 300w, https:\/\/www.elpetitlumen.es\/wp-content\/uploads\/2020\/04\/professor-nens-pares-musica-1024x679.jpeg 1024w, https:\/\/www.elpetitlumen.es\/wp-content\/uploads\/2020\/04\/professor-nens-pares-musica-768x510.jpeg 768w, https:\/\/www.elpetitlumen.es\/wp-content\/uploads\/2020\/04\/professor-nens-pares-musica-1536x1019.jpeg 1536w, https:\/\/www.elpetitlumen.es\/wp-content\/uploads\/2020\/04\/professor-nens-pares-musica-2048x1359.jpeg 2048w, https:\/\/www.elpetitlumen.es\/wp-content\/uploads\/2020\/04\/professor-nens-pares-musica-1260x836.jpeg 1260w, https:\/\/www.elpetitlumen.es\/wp-content\/uploads\/2020\/04\/professor-nens-pares-musica-630x418.jpeg 630w, https:\/\/www.elpetitlumen.es\/wp-content\/uploads\/2020\/04\/professor-nens-pares-musica-420x279.jpeg 420w, https:\/\/www.elpetitlumen.es\/wp-content\/uploads\/2020\/04\/professor-nens-pares-musica-840x557.jpeg 840w, https:\/\/www.elpetitlumen.es\/wp-content\/uploads\/2020\/04\/professor-nens-pares-musica-315x209.jpeg 315w\" sizes=\"(max-width: 2560px) 100vw, 2560px\" \/>\t\t\t\t\t\t\t\t\t\t\t\t\t\t\t<\/div>\n\t\t\t\t<\/div>\n\t\t\t\t\t<\/div>\n\t\t<\/div>\n\t\t\t\t\t<\/div>\n\t\t<\/section>\n\t\t\t\t<\/div>\n\t\t","protected":false},"excerpt":{"rendered":"","protected":false},"author":1,"featured_media":0,"parent":0,"menu_order":0,"comment_status":"closed","ping_status":"closed","template":"","meta":{"footnotes":""},"categories":[],"tags":[],"class_list":["post-7723","page","type-page","status-publish","hentry"],"yoast_head":"<!-- This site is optimized with the Yoast SEO plugin v24.5 - https:\/\/yoast.com\/wordpress\/plugins\/seo\/ -->\n<title>Actividades - Escola Bressol El Petit Lumen<\/title>\n<meta name=\"robots\" content=\"index, follow, max-snippet:-1, max-image-preview:large, max-video-preview:-1\" \/>\n<link rel=\"canonical\" href=\"https:\/\/www.elpetitlumen.es\/activitats\/\" \/>\n<meta property=\"og:locale\" content=\"es_ES\" \/>\n<meta property=\"og:type\" content=\"article\" \/>\n<meta property=\"og:title\" content=\"Actividades - Escola Bressol El Petit Lumen\" \/>\n<meta property=\"og:url\" content=\"https:\/\/www.elpetitlumen.es\/activitats\/\" \/>\n<meta property=\"og:site_name\" content=\"Escola Bressol El Petit Lumen\" \/>\n<meta property=\"article:modified_time\" content=\"2021-06-28T17:11:09+00:00\" \/>\n<meta name=\"twitter:card\" content=\"summary_large_image\" \/>\n<script type=\"application\/ld+json\" class=\"yoast-schema-graph\">{\"@context\":\"https:\/\/schema.org\",\"@graph\":[{\"@type\":\"WebPage\",\"@id\":\"https:\/\/www.elpetitlumen.es\/activitats\/\",\"url\":\"https:\/\/www.elpetitlumen.es\/activitats\/\",\"name\":\"Actividades - Escola Bressol El Petit Lumen\",\"isPartOf\":{\"@id\":\"https:\/\/www.elpetitlumen.es\/#website\"},\"datePublished\":\"2021-06-28T17:11:08+00:00\",\"dateModified\":\"2021-06-28T17:11:09+00:00\",\"breadcrumb\":{\"@id\":\"https:\/\/www.elpetitlumen.es\/activitats\/#breadcrumb\"},\"inLanguage\":\"es-ES\",\"potentialAction\":[{\"@type\":\"ReadAction\",\"target\":[\"https:\/\/www.elpetitlumen.es\/activitats\/\"]}]},{\"@type\":\"BreadcrumbList\",\"@id\":\"https:\/\/www.elpetitlumen.es\/activitats\/#breadcrumb\",\"itemListElement\":[{\"@type\":\"ListItem\",\"position\":1,\"name\":\"Home\",\"item\":\"https:\/\/www.elpetitlumen.es\/\"},{\"@type\":\"ListItem\",\"position\":2,\"name\":\"Actividades\"}]},{\"@type\":\"WebSite\",\"@id\":\"https:\/\/www.elpetitlumen.es\/#website\",\"url\":\"https:\/\/www.elpetitlumen.es\/\",\"name\":\"Escola Bressol El Petit Lumen\",\"description\":\"Es trobar\u00e0 com a casa.\",\"publisher\":{\"@id\":\"https:\/\/www.elpetitlumen.es\/#organization\"},\"potentialAction\":[{\"@type\":\"SearchAction\",\"target\":{\"@type\":\"EntryPoint\",\"urlTemplate\":\"https:\/\/www.elpetitlumen.es\/?s={search_term_string}\"},\"query-input\":{\"@type\":\"PropertyValueSpecification\",\"valueRequired\":true,\"valueName\":\"search_term_string\"}}],\"inLanguage\":\"es-ES\"},{\"@type\":\"Organization\",\"@id\":\"https:\/\/www.elpetitlumen.es\/#organization\",\"name\":\"Escola Bressol El Petit Lumen\",\"url\":\"https:\/\/www.elpetitlumen.es\/\",\"logo\":{\"@type\":\"ImageObject\",\"inLanguage\":\"es-ES\",\"@id\":\"https:\/\/www.elpetitlumen.es\/#\/schema\/logo\/image\/\",\"url\":\"http:\/\/www.elpetitlumen.es\/wp-content\/uploads\/2021\/09\/logo-el-petit-lumen-263.png\",\"contentUrl\":\"http:\/\/www.elpetitlumen.es\/wp-content\/uploads\/2021\/09\/logo-el-petit-lumen-263.png\",\"width\":263,\"height\":86,\"caption\":\"Escola Bressol El Petit Lumen\"},\"image\":{\"@id\":\"https:\/\/www.elpetitlumen.es\/#\/schema\/logo\/image\/\"}}]}<\/script>\n<!-- \/ Yoast SEO plugin. -->","yoast_head_json":{"title":"Actividades - Escola Bressol El Petit Lumen","robots":{"index":"index","follow":"follow","max-snippet":"max-snippet:-1","max-image-preview":"max-image-preview:large","max-video-preview":"max-video-preview:-1"},"canonical":"https:\/\/www.elpetitlumen.es\/activitats\/","og_locale":"es_ES","og_type":"article","og_title":"Actividades - Escola Bressol El Petit Lumen","og_url":"https:\/\/www.elpetitlumen.es\/activitats\/","og_site_name":"Escola Bressol El Petit Lumen","article_modified_time":"2021-06-28T17:11:09+00:00","twitter_card":"summary_large_image","schema":{"@context":"https:\/\/schema.org","@graph":[{"@type":"WebPage","@id":"https:\/\/www.elpetitlumen.es\/activitats\/","url":"https:\/\/www.elpetitlumen.es\/activitats\/","name":"Actividades - Escola Bressol El Petit Lumen","isPartOf":{"@id":"https:\/\/www.elpetitlumen.es\/#website"},"datePublished":"2021-06-28T17:11:08+00:00","dateModified":"2021-06-28T17:11:09+00:00","breadcrumb":{"@id":"https:\/\/www.elpetitlumen.es\/activitats\/#breadcrumb"},"inLanguage":"es-ES","potentialAction":[{"@type":"ReadAction","target":["https:\/\/www.elpetitlumen.es\/activitats\/"]}]},{"@type":"BreadcrumbList","@id":"https:\/\/www.elpetitlumen.es\/activitats\/#breadcrumb","itemListElement":[{"@type":"ListItem","position":1,"name":"Home","item":"https:\/\/www.elpetitlumen.es\/"},{"@type":"ListItem","position":2,"name":"Actividades"}]},{"@type":"WebSite","@id":"https:\/\/www.elpetitlumen.es\/#website","url":"https:\/\/www.elpetitlumen.es\/","name":"Escola Bressol El Petit Lumen","description":"Es trobar\u00e0 com a casa.","publisher":{"@id":"https:\/\/www.elpetitlumen.es\/#organization"},"potentialAction":[{"@type":"SearchAction","target":{"@type":"EntryPoint","urlTemplate":"https:\/\/www.elpetitlumen.es\/?s={search_term_string}"},"query-input":{"@type":"PropertyValueSpecification","valueRequired":true,"valueName":"search_term_string"}}],"inLanguage":"es-ES"},{"@type":"Organization","@id":"https:\/\/www.elpetitlumen.es\/#organization","name":"Escola Bressol El Petit Lumen","url":"https:\/\/www.elpetitlumen.es\/","logo":{"@type":"ImageObject","inLanguage":"es-ES","@id":"https:\/\/www.elpetitlumen.es\/#\/schema\/logo\/image\/","url":"http:\/\/www.elpetitlumen.es\/wp-content\/uploads\/2021\/09\/logo-el-petit-lumen-263.png","contentUrl":"http:\/\/www.elpetitlumen.es\/wp-content\/uploads\/2021\/09\/logo-el-petit-lumen-263.png","width":263,"height":86,"caption":"Escola Bressol El Petit Lumen"},"image":{"@id":"https:\/\/www.elpetitlumen.es\/#\/schema\/logo\/image\/"}}]}},"_links":{"self":[{"href":"https:\/\/www.elpetitlumen.es\/es\/wp-json\/wp\/v2\/pages\/7723","targetHints":{"allow":["GET"]}}],"collection":[{"href":"https:\/\/www.elpetitlumen.es\/es\/wp-json\/wp\/v2\/pages"}],"about":[{"href":"https:\/\/www.elpetitlumen.es\/es\/wp-json\/wp\/v2\/types\/page"}],"author":[{"embeddable":true,"href":"https:\/\/www.elpetitlumen.es\/es\/wp-json\/wp\/v2\/users\/1"}],"replies":[{"embeddable":true,"href":"https:\/\/www.elpetitlumen.es\/es\/wp-json\/wp\/v2\/comments?post=7723"}],"version-history":[{"count":1,"href":"https:\/\/www.elpetitlumen.es\/es\/wp-json\/wp\/v2\/pages\/7723\/revisions"}],"predecessor-version":[{"id":7724,"href":"https:\/\/www.elpetitlumen.es\/es\/wp-json\/wp\/v2\/pages\/7723\/revisions\/7724"}],"wp:attachment":[{"href":"https:\/\/www.elpetitlumen.es\/es\/wp-json\/wp\/v2\/media?parent=7723"}],"wp:term":[{"taxonomy":"category","embeddable":true,"href":"https:\/\/www.elpetitlumen.es\/es\/wp-json\/wp\/v2\/categories?post=7723"},{"taxonomy":"post_tag","embeddable":true,"href":"https:\/\/www.elpetitlumen.es\/es\/wp-json\/wp\/v2\/tags?post=7723"}],"curies":[{"name":"wp","href":"https:\/\/api.w.org\/{rel}","templated":true}]}}